{"id":6082,"date":"2025-03-10T15:02:11","date_gmt":"2025-03-10T14:02:11","guid":{"rendered":"https:\/\/www.solari.it\/tipologia-prodotti\/eng-led-signal\/"},"modified":"2025-07-01T14:46:00","modified_gmt":"2025-07-01T12:46:00","slug":"eng-led-signal","status":"publish","type":"tipologia-prodotti","link":"https:\/\/www.solari.it\/en\/products-type\/eng-led-signal\/","title":{"rendered":"Led Signal"},"content":{"rendered":"\t\t<div data-elementor-type=\"wp-post\" data-elementor-id=\"6082\" class=\"elementor elementor-6082 elementor-3249\" data-elementor-post-type=\"tipologia-prodotti\">\n\t\t\t\t<div class=\"elementor-element elementor-element-d8f4b4d e-con-full e-flex e-con e-parent\" data-id=\"d8f4b4d\" data-element_type=\"container\" data-e-type=\"container\" data-settings=\"{&quot;background_background&quot;:&quot;classic&quot;}\">\n\t\t<div class=\"elementor-element elementor-element-44b44c2 e-flex e-con-boxed e-con e-child\" data-id=\"44b44c2\" data-element_type=\"container\" data-e-type=\"container\">\n\t\t\t\t\t<div class=\"e-con-inner\">\n\t\t<div class=\"elementor-element elementor-element-e8f348e e-con-full animated-slow e-flex elementor-invisible e-con e-child\" data-id=\"e8f348e\" data-element_type=\"container\" data-e-type=\"container\" data-settings=\"{&quot;animation&quot;:&quot;fadeInRight&quot;,&quot;animation_delay&quot;:300}\">\n\t\t\t\t<div class=\"elementor-element elementor-element-1d1cbf6 animated-slow elementor-invisible elementor-widget elementor-widget-heading\" data-id=\"1d1cbf6\" data-element_type=\"widget\" data-e-type=\"widget\" data-settings=\"{&quot;_animation&quot;:&quot;fadeInRight&quot;,&quot;_animation_delay&quot;:400}\" data-widget_type=\"heading.default\">\n\t\t\t\t<div class=\"elementor-widget-container\">\n\t\t\t\t\t<h1 class=\"elementor-heading-title elementor-size-default\">LED Signal<\/h1>\t\t\t\t<\/div>\n\t\t\t\t<\/div>\n\t\t\t\t<div class=\"elementor-element elementor-element-1a4d97d animated-slow elementor-invisible elementor-widget elementor-widget-heading\" data-id=\"1a4d97d\" data-element_type=\"widget\" data-e-type=\"widget\" data-settings=\"{&quot;_animation&quot;:&quot;fadeInRight&quot;,&quot;_animation_delay&quot;:400}\" data-widget_type=\"heading.default\">\n\t\t\t\t<div class=\"elementor-widget-container\">\n\t\t\t\t\t<h2 class=\"elementor-heading-title elementor-size-default\">Know-how industriale e sicurezza SIL4: la soluzione Solari per la segnaletica ferroviaria del futuro.<\/h2>\t\t\t\t<\/div>\n\t\t\t\t<\/div>\n\t\t\t\t<div class=\"elementor-element elementor-element-04a5aa0 animated-slow elementor-invisible elementor-widget elementor-widget-text-editor\" data-id=\"04a5aa0\" data-element_type=\"widget\" data-e-type=\"widget\" data-settings=\"{&quot;_animation&quot;:&quot;zoomIn&quot;,&quot;_animation_delay&quot;:1200}\" data-widget_type=\"text-editor.default\">\n\t\t\t\t<div class=\"elementor-widget-container\">\n\t\t\t\t\t\t\t\t\t<p>Solari progetta e realizza <b>segnali luminosi a LED per uso ferroviario<\/b>, pensati per garantire <b>massima affidabilit\u00e0, lunga durata e compatibilit\u00e0 con gli impianti esistenti<\/b>.<br \/>Grazie all\u2019efficienza e alla stabilit\u00e0 della tecnologia LED, questi dispositivi rappresentano oggi lo <b>standard di riferimento per la segnaletica ferroviaria moderna<\/b>, offrendo prestazioni elevate anche in condizioni ambientali estreme.<\/p>\n\t\t\t\t\t\t\t\t<\/div>\n\t\t\t\t<\/div>\n\t\t\t\t<\/div>\n\t\t\t\t\t<\/div>\n\t\t\t\t<\/div>\n\t\t\t\t<\/div>\n\t\t<div class=\"elementor-element elementor-element-fcee2b3 e-con-full e-flex e-con e-parent\" data-id=\"fcee2b3\" data-element_type=\"container\" data-e-type=\"container\" data-settings=\"{&quot;background_background&quot;:&quot;classic&quot;}\">\n\t\t<div class=\"elementor-element elementor-element-0dc2330 e-flex e-con-boxed e-con e-child\" data-id=\"0dc2330\" data-element_type=\"container\" data-e-type=\"container\">\n\t\t\t\t\t<div class=\"e-con-inner\">\n\t\t<div class=\"elementor-element elementor-element-610e4d2 e-con-full animated-slow e-flex elementor-invisible e-con e-child\" data-id=\"610e4d2\" data-element_type=\"container\" data-e-type=\"container\" data-settings=\"{&quot;animation&quot;:&quot;fadeInLeft&quot;}\">\n\t\t\t\t<div class=\"elementor-element elementor-element-5da5dc6 animated-slow elementor-invisible elementor-widget elementor-widget-image\" data-id=\"5da5dc6\" data-element_type=\"widget\" data-e-type=\"widget\" data-settings=\"{&quot;_animation&quot;:&quot;zoomIn&quot;,&quot;motion_fx_motion_fx_scrolling&quot;:&quot;yes&quot;,&quot;motion_fx_translateY_effect&quot;:&quot;yes&quot;,&quot;motion_fx_translateY_direction&quot;:&quot;negative&quot;,&quot;motion_fx_translateY_speed&quot;:{&quot;unit&quot;:&quot;px&quot;,&quot;size&quot;:1,&quot;sizes&quot;:[]},&quot;motion_fx_translateY_affectedRange&quot;:{&quot;unit&quot;:&quot;%&quot;,&quot;size&quot;:&quot;&quot;,&quot;sizes&quot;:{&quot;start&quot;:0,&quot;end&quot;:100}},&quot;motion_fx_devices&quot;:[&quot;desktop&quot;,&quot;laptop&quot;,&quot;tablet&quot;,&quot;mobile&quot;]}\" data-widget_type=\"image.default\">\n\t\t\t\t<div class=\"elementor-widget-container\">\n\t\t\t\t\t\t\t\t\t\t\t\t\t\t\t<img fetchpriority=\"high\" decoding=\"async\" width=\"800\" height=\"555\" src=\"https:\/\/www.solari.it\/wp-content\/uploads\/2025\/03\/img1-led-signal-milano-centrale-solari-spa.jpg\" class=\"attachment-large size-large wp-image-5413\" alt=\"\" srcset=\"https:\/\/www.solari.it\/wp-content\/uploads\/2025\/03\/img1-led-signal-milano-centrale-solari-spa.jpg 1000w, https:\/\/www.solari.it\/wp-content\/uploads\/2025\/03\/img1-led-signal-milano-centrale-solari-spa-300x208.jpg 300w, https:\/\/www.solari.it\/wp-content\/uploads\/2025\/03\/img1-led-signal-milano-centrale-solari-spa-768x533.jpg 768w\" sizes=\"(max-width: 800px) 100vw, 800px\" \/>\t\t\t\t\t\t\t\t\t\t\t\t\t\t\t<\/div>\n\t\t\t\t<\/div>\n\t\t\t\t<\/div>\n\t\t<div class=\"elementor-element elementor-element-a071cd3 e-con-full animated-slow e-flex elementor-invisible e-con e-child\" data-id=\"a071cd3\" data-element_type=\"container\" data-e-type=\"container\" data-settings=\"{&quot;animation&quot;:&quot;fadeInRight&quot;,&quot;animation_delay&quot;:300}\">\n\t\t\t\t<div class=\"elementor-element elementor-element-cbfce66 animated-slow elementor-hidden-desktop elementor-hidden-laptop elementor-hidden-tablet elementor-hidden-mobile elementor-invisible elementor-widget elementor-widget-heading\" data-id=\"cbfce66\" data-element_type=\"widget\" data-e-type=\"widget\" data-settings=\"{&quot;_animation&quot;:&quot;fadeInRight&quot;,&quot;_animation_delay&quot;:400}\" data-widget_type=\"heading.default\">\n\t\t\t\t<div class=\"elementor-widget-container\">\n\t\t\t\t\t<h3 class=\"elementor-heading-title elementor-size-default\">Titolo 1<\/h3>\t\t\t\t<\/div>\n\t\t\t\t<\/div>\n\t\t\t\t<div class=\"elementor-element elementor-element-897521c animated-slow elementor-invisible elementor-widget elementor-widget-text-editor\" data-id=\"897521c\" data-element_type=\"widget\" data-e-type=\"widget\" data-settings=\"{&quot;_animation&quot;:&quot;zoomIn&quot;,&quot;_animation_delay&quot;:1200}\" data-widget_type=\"text-editor.default\">\n\t\t\t\t<div class=\"elementor-widget-container\">\n\t\t\t\t\t\t\t\t\t<p>I segnali a LED Solari sono stati progettati per essere <b>meccanicamente ed elettricamente compatibili con i vecchi segnali a lampada<\/b>, permettendo interventi di sostituzione e messa in servizio <b>rapidi e senza modifiche strutturali<\/b>.<br \/>Un vantaggio importante per <b>interventi di revamping e aggiornamento tecnologico<\/b> della rete ferroviaria.<br \/>I dispositivi garantiscono un\u2019emissione <b>uniforme e costante<\/b> delle tre colorazioni standard (rosso, verde e giallo), rispettando i parametri di intensit\u00e0 e coordinate cromatiche richiesti.<br \/>I segnali Solari raggiungono la <b>Classe I secondo la norma UNI 9296<\/b>, assicurando ottima visibilit\u00e0 in ogni condizione di luce.<\/p>\n\t\t\t\t\t\t\t\t<\/div>\n\t\t\t\t<\/div>\n\t\t\t\t<\/div>\n\t\t\t\t\t<\/div>\n\t\t\t\t<\/div>\n\t\t\t\t<\/div>\n\t\t<div class=\"elementor-element elementor-element-0f91301 e-con-full e-flex e-con e-parent\" data-id=\"0f91301\" data-element_type=\"container\" data-e-type=\"container\" data-settings=\"{&quot;background_background&quot;:&quot;classic&quot;}\">\n\t\t<div class=\"elementor-element elementor-element-671eb05 e-flex e-con-boxed e-con e-child\" data-id=\"671eb05\" data-element_type=\"container\" data-e-type=\"container\">\n\t\t\t\t\t<div class=\"e-con-inner\">\n\t\t<div class=\"elementor-element elementor-element-571df07 e-con-full animated-slow e-flex elementor-invisible e-con e-child\" data-id=\"571df07\" data-element_type=\"container\" data-e-type=\"container\" data-settings=\"{&quot;animation&quot;:&quot;fadeInLeft&quot;}\">\n\t\t\t\t<div class=\"elementor-element elementor-element-0fc77a7 animated-slow elementor-invisible elementor-widget elementor-widget-heading\" data-id=\"0fc77a7\" data-element_type=\"widget\" data-e-type=\"widget\" data-settings=\"{&quot;_animation&quot;:&quot;fadeInLeft&quot;,&quot;_animation_delay&quot;:400}\" data-widget_type=\"heading.default\">\n\t\t\t\t<div class=\"elementor-widget-container\">\n\t\t\t\t\t<h2 class=\"elementor-heading-title elementor-size-default\">Massima sicurezza e certificazione SIL4<\/h2>\t\t\t\t<\/div>\n\t\t\t\t<\/div>\n\t\t\t\t<div class=\"elementor-element elementor-element-196b748 animated-slow elementor-invisible elementor-widget elementor-widget-text-editor\" data-id=\"196b748\" data-element_type=\"widget\" data-e-type=\"widget\" data-settings=\"{&quot;_animation&quot;:&quot;zoomIn&quot;,&quot;_animation_delay&quot;:1200}\" data-widget_type=\"text-editor.default\">\n\t\t\t\t<div class=\"elementor-widget-container\">\n\t\t\t\t\t\t\t\t\t<p>La segnalazione a LED Solari per uso ferroviario \u00e8 progettata secondo i pi\u00f9 alti standard di sicurezza europei.<br \/>Certificata con <b>livello di integrit\u00e0 della sicurezza SIL4<\/b>, in conformit\u00e0 con le normative <b>CENELEC EN 50126 e EN 50129<\/b>, rappresenta una soluzione ideale per le infrastrutture dove l\u2019affidabilit\u00e0 \u00e8 una priorit\u00e0 assoluta.<br \/>Tutti i segnali LED Solari sono testati per operare in condizioni difficili, rispettando la <b>classe ambientale A6<\/b>:<\/p>\n<ul>\n<li>resistenza a vibrazioni e urti<\/li>\n<li>tolleranza a forti escursioni termiche<\/li>\n<li>protezione da sovratensioni e disturbi elettrici<\/li>\n<li>funzionamento continuo in presenza di polvere, umidit\u00e0 e agenti atmosferici<\/li>\n<\/ul>\n\t\t\t\t\t\t\t\t<\/div>\n\t\t\t\t<\/div>\n\t\t\t\t<\/div>\n\t\t<div class=\"elementor-element elementor-element-4d8230b e-con-full animated-slow e-flex elementor-invisible e-con e-child\" data-id=\"4d8230b\" data-element_type=\"container\" data-e-type=\"container\" data-settings=\"{&quot;animation&quot;:&quot;fadeInRight&quot;,&quot;animation_delay&quot;:300}\">\n\t\t\t\t<div class=\"elementor-element elementor-element-d034db0 animated-slow elementor-invisible elementor-widget elementor-widget-image\" data-id=\"d034db0\" data-element_type=\"widget\" data-e-type=\"widget\" data-settings=\"{&quot;_animation&quot;:&quot;zoomIn&quot;,&quot;motion_fx_motion_fx_scrolling&quot;:&quot;yes&quot;,&quot;motion_fx_translateY_effect&quot;:&quot;yes&quot;,&quot;motion_fx_translateY_direction&quot;:&quot;negative&quot;,&quot;motion_fx_translateY_speed&quot;:{&quot;unit&quot;:&quot;px&quot;,&quot;size&quot;:1,&quot;sizes&quot;:[]},&quot;motion_fx_translateY_affectedRange&quot;:{&quot;unit&quot;:&quot;%&quot;,&quot;size&quot;:&quot;&quot;,&quot;sizes&quot;:{&quot;start&quot;:0,&quot;end&quot;:100}},&quot;motion_fx_devices&quot;:[&quot;desktop&quot;,&quot;laptop&quot;,&quot;tablet&quot;,&quot;mobile&quot;]}\" data-widget_type=\"image.default\">\n\t\t\t\t<div class=\"elementor-widget-container\">\n\t\t\t\t\t\t\t\t\t\t\t\t\t\t\t<img decoding=\"async\" width=\"800\" height=\"555\" src=\"https:\/\/www.solari.it\/wp-content\/uploads\/2025\/03\/img2-led-signal-milano-centrale-solari-spa.jpg\" class=\"attachment-large size-large wp-image-5415\" alt=\"\" srcset=\"https:\/\/www.solari.it\/wp-content\/uploads\/2025\/03\/img2-led-signal-milano-centrale-solari-spa.jpg 1000w, https:\/\/www.solari.it\/wp-content\/uploads\/2025\/03\/img2-led-signal-milano-centrale-solari-spa-300x208.jpg 300w, https:\/\/www.solari.it\/wp-content\/uploads\/2025\/03\/img2-led-signal-milano-centrale-solari-spa-768x533.jpg 768w\" sizes=\"(max-width: 800px) 100vw, 800px\" \/>\t\t\t\t\t\t\t\t\t\t\t\t\t\t\t<\/div>\n\t\t\t\t<\/div>\n\t\t\t\t<\/div>\n\t\t\t\t\t<\/div>\n\t\t\t\t<\/div>\n\t\t\t\t<\/div>\n\t\t<div class=\"elementor-element elementor-element-120ca8e e-con-full e-flex e-con e-parent\" data-id=\"120ca8e\" data-element_type=\"container\" data-e-type=\"container\" data-settings=\"{&quot;background_background&quot;:&quot;classic&quot;}\">\n\t\t<div class=\"elementor-element elementor-element-c5cb18c e-flex e-con-boxed e-con e-child\" data-id=\"c5cb18c\" data-element_type=\"container\" data-e-type=\"container\">\n\t\t\t\t\t<div class=\"e-con-inner\">\n\t\t<div class=\"elementor-element elementor-element-f063644 e-con-full animated-slow e-flex elementor-invisible e-con e-child\" data-id=\"f063644\" data-element_type=\"container\" data-e-type=\"container\" data-settings=\"{&quot;animation&quot;:&quot;fadeInLeft&quot;}\">\n\t\t\t\t<div class=\"elementor-element elementor-element-3aa2641 animated-slow elementor-invisible elementor-widget elementor-widget-image\" data-id=\"3aa2641\" data-element_type=\"widget\" data-e-type=\"widget\" data-settings=\"{&quot;_animation&quot;:&quot;zoomIn&quot;,&quot;motion_fx_motion_fx_scrolling&quot;:&quot;yes&quot;,&quot;motion_fx_translateY_effect&quot;:&quot;yes&quot;,&quot;motion_fx_translateY_direction&quot;:&quot;negative&quot;,&quot;motion_fx_translateY_speed&quot;:{&quot;unit&quot;:&quot;px&quot;,&quot;size&quot;:1,&quot;sizes&quot;:[]},&quot;motion_fx_translateY_affectedRange&quot;:{&quot;unit&quot;:&quot;%&quot;,&quot;size&quot;:&quot;&quot;,&quot;sizes&quot;:{&quot;start&quot;:0,&quot;end&quot;:100}},&quot;motion_fx_devices&quot;:[&quot;desktop&quot;,&quot;laptop&quot;,&quot;tablet&quot;,&quot;mobile&quot;]}\" data-widget_type=\"image.default\">\n\t\t\t\t<div class=\"elementor-widget-container\">\n\t\t\t\t\t\t\t\t\t\t\t\t\t\t\t<img decoding=\"async\" width=\"800\" height=\"555\" src=\"https:\/\/www.solari.it\/wp-content\/uploads\/2025\/03\/img3-led-signal-semaforo-led-ferroviario-solari-spa.jpg\" class=\"attachment-large size-large wp-image-5417\" alt=\"\" srcset=\"https:\/\/www.solari.it\/wp-content\/uploads\/2025\/03\/img3-led-signal-semaforo-led-ferroviario-solari-spa.jpg 1000w, https:\/\/www.solari.it\/wp-content\/uploads\/2025\/03\/img3-led-signal-semaforo-led-ferroviario-solari-spa-300x208.jpg 300w, https:\/\/www.solari.it\/wp-content\/uploads\/2025\/03\/img3-led-signal-semaforo-led-ferroviario-solari-spa-768x533.jpg 768w\" sizes=\"(max-width: 800px) 100vw, 800px\" \/>\t\t\t\t\t\t\t\t\t\t\t\t\t\t\t<\/div>\n\t\t\t\t<\/div>\n\t\t\t\t<\/div>\n\t\t<div class=\"elementor-element elementor-element-1eb8dba e-con-full animated-slow e-flex elementor-invisible e-con e-child\" data-id=\"1eb8dba\" data-element_type=\"container\" data-e-type=\"container\" data-settings=\"{&quot;animation&quot;:&quot;fadeInRight&quot;,&quot;animation_delay&quot;:300}\">\n\t\t\t\t<div class=\"elementor-element elementor-element-b172252 animated-slow elementor-invisible elementor-widget elementor-widget-heading\" data-id=\"b172252\" data-element_type=\"widget\" data-e-type=\"widget\" data-settings=\"{&quot;_animation&quot;:&quot;fadeInRight&quot;,&quot;_animation_delay&quot;:400}\" data-widget_type=\"heading.default\">\n\t\t\t\t<div class=\"elementor-widget-container\">\n\t\t\t\t\t<h2 class=\"elementor-heading-title elementor-size-default\">Ottica brevettata e controllo diagnostico<\/h2>\t\t\t\t<\/div>\n\t\t\t\t<\/div>\n\t\t\t\t<div class=\"elementor-element elementor-element-3d07c92 animated-slow elementor-invisible elementor-widget elementor-widget-text-editor\" data-id=\"3d07c92\" data-element_type=\"widget\" data-e-type=\"widget\" data-settings=\"{&quot;_animation&quot;:&quot;zoomIn&quot;,&quot;_animation_delay&quot;:1200}\" data-widget_type=\"text-editor.default\">\n\t\t\t\t<div class=\"elementor-widget-container\">\n\t\t\t\t\t\t\t\t\t<p>Il cuore del segnale \u00e8 un <b>sistema ottico brevettato<\/b> che, grazie a un <b>gruppo lenti di precisione<\/b>, concentra il fascio luminoso in un angolo molto stretto (tipicamente \u00b13\u00b0), come richiesto per l\u2019uso ferroviario.<br \/>Inoltre, la lente integra un <b>sistema di feedback ottico<\/b>, che consente al dispositivo di <b>monitorare in tempo reale l\u2019effettiva emissione luminosa<\/b>, migliorando l\u2019affidabilit\u00e0 del sistema e facilitando la manutenzione preventiva.<\/p>\n\t\t\t\t\t\t\t\t<\/div>\n\t\t\t\t<\/div>\n\t\t\t\t<\/div>\n\t\t\t\t\t<\/div>\n\t\t\t\t<\/div>\n\t\t<div class=\"elementor-element elementor-element-249b755 e-flex e-con-boxed e-con e-child\" data-id=\"249b755\" data-element_type=\"container\" data-e-type=\"container\">\n\t\t\t\t\t<div class=\"e-con-inner\">\n\t\t\t\t\t<\/div>\n\t\t\t\t<\/div>\n\t\t\t\t<\/div>\n\t\t<div class=\"elementor-element elementor-element-84eaa5a e-flex e-con-boxed e-con e-parent\" data-id=\"84eaa5a\" data-element_type=\"container\" data-e-type=\"container\" data-settings=\"{&quot;background_background&quot;:&quot;classic&quot;}\">\n\t\t\t\t\t<div class=\"e-con-inner\">\n\t\t\t\t<div class=\"elementor-element elementor-element-9efc7f7 elementor-pagination-position-outside elementor-widget elementor-widget-image-carousel\" data-id=\"9efc7f7\" data-element_type=\"widget\" data-e-type=\"widget\" id=\"carousel_prodotti\" data-settings=\"{&quot;slides_to_show&quot;:&quot;2&quot;,&quot;slides_to_scroll&quot;:&quot;1&quot;,&quot;navigation&quot;:&quot;dots&quot;,&quot;speed&quot;:500,&quot;image_spacing_custom&quot;:{&quot;unit&quot;:&quot;px&quot;,&quot;size&quot;:20,&quot;sizes&quot;:[]},&quot;image_spacing_custom_laptop&quot;:{&quot;unit&quot;:&quot;px&quot;,&quot;size&quot;:&quot;&quot;,&quot;sizes&quot;:[]},&quot;image_spacing_custom_tablet&quot;:{&quot;unit&quot;:&quot;px&quot;,&quot;size&quot;:&quot;&quot;,&quot;sizes&quot;:[]},&quot;image_spacing_custom_mobile&quot;:{&quot;unit&quot;:&quot;px&quot;,&quot;size&quot;:&quot;&quot;,&quot;sizes&quot;:[]}}\" data-widget_type=\"image-carousel.default\">\n\t\t\t\t<div class=\"elementor-widget-container\">\n\t\t\t\t\t\t\t<div class=\"elementor-image-carousel-wrapper swiper\" role=\"region\" aria-roledescription=\"carousel\" aria-label=\"Carosello immagini\" dir=\"ltr\">\n\t\t\t<div class=\"elementor-image-carousel swiper-wrapper\" aria-live=\"polite\">\n\t\t\t\t\t\t\t\t<div class=\"swiper-slide\" role=\"group\" aria-roledescription=\"slide\" aria-label=\"1 of 2\"><a data-elementor-open-lightbox=\"yes\" data-elementor-lightbox-slideshow=\"9efc7f7\" data-elementor-lightbox-title=\"gallery1-led-signal-milano-centrale-solari-spa\" data-e-action-hash=\"#elementor-action%3Aaction%3Dlightbox%26settings%3DeyJpZCI6NTQxOSwidXJsIjoiaHR0cHM6XC9cL3d3dy5zb2xhcmkuaXRcL3dwLWNvbnRlbnRcL3VwbG9hZHNcLzIwMjVcLzAzXC9nYWxsZXJ5MS1sZWQtc2lnbmFsLW1pbGFuby1jZW50cmFsZS1zb2xhcmktc3BhLmpwZyIsInNsaWRlc2hvdyI6IjllZmM3ZjcifQ%3D%3D\" href=\"https:\/\/www.solari.it\/wp-content\/uploads\/2025\/03\/gallery1-led-signal-milano-centrale-solari-spa.jpg\"><figure class=\"swiper-slide-inner\"><img decoding=\"async\" class=\"swiper-slide-image\" src=\"https:\/\/www.solari.it\/wp-content\/uploads\/2025\/03\/gallery1-led-signal-milano-centrale-solari-spa-300x200.jpg\" alt=\"gallery1-led-signal-milano-centrale-solari-spa\" \/><figcaption class=\"elementor-image-carousel-caption\">gallery1-led-signal-milano-centrale-solari-spa<\/figcaption><\/figure><\/a><\/div><div class=\"swiper-slide\" role=\"group\" aria-roledescription=\"slide\" aria-label=\"2 of 2\"><a data-elementor-open-lightbox=\"yes\" data-elementor-lightbox-slideshow=\"9efc7f7\" data-elementor-lightbox-title=\"gallery2-led-signal-milano-centrale-solari-spa\" data-e-action-hash=\"#elementor-action%3Aaction%3Dlightbox%26settings%3DeyJpZCI6NTQyMSwidXJsIjoiaHR0cHM6XC9cL3d3dy5zb2xhcmkuaXRcL3dwLWNvbnRlbnRcL3VwbG9hZHNcLzIwMjVcLzAzXC9nYWxsZXJ5Mi1sZWQtc2lnbmFsLW1pbGFuby1jZW50cmFsZS1zb2xhcmktc3BhLmpwZyIsInNsaWRlc2hvdyI6IjllZmM3ZjcifQ%3D%3D\" href=\"https:\/\/www.solari.it\/wp-content\/uploads\/2025\/03\/gallery2-led-signal-milano-centrale-solari-spa.jpg\"><figure class=\"swiper-slide-inner\"><img decoding=\"async\" class=\"swiper-slide-image\" src=\"https:\/\/www.solari.it\/wp-content\/uploads\/2025\/03\/gallery2-led-signal-milano-centrale-solari-spa-300x200.jpg\" alt=\"gallery2-led-signal-milano-centrale-solari-spa\" \/><figcaption class=\"elementor-image-carousel-caption\">gallery2-led-signal-milano-centrale-solari-spa<\/figcaption><\/figure><\/a><\/div>\t\t\t<\/div>\n\t\t\t\t\t\t\t\n\t\t\t\t\t\t\t\t\t<div class=\"swiper-pagination\"><\/div>\n\t\t\t\t\t\t\t\t\t<\/div>\n\t\t\t\t\t\t<\/div>\n\t\t\t\t<\/div>\n\t\t\t\t\t<\/div>\n\t\t\t\t<\/div>\n\t\t\t\t<\/div>\n\t\t","protected":false},"featured_media":5410,"template":"","meta":[],"tipologia-prodotti":[111],"class_list":["post-6082","tipologia-prodotti","type-tipologia-prodotti","status-publish","has-post-thumbnail","hentry","tipologia-prodotti-led-signal-en"],"acf":[],"yoast_head":"<!-- This site is optimized with the Yoast SEO plugin v27.5 - https:\/\/yoast.com\/product\/yoast-seo-wordpress\/ -->\n<title>Solari Spa<\/title>\n<meta name=\"robots\" content=\"index, follow, max-snippet:-1, max-image-preview:large, max-video-preview:-1\" \/>\n<meta property=\"og:locale\" content=\"en_US\" \/>\n<meta property=\"og:type\" content=\"article\" \/>\n<meta property=\"og:site_name\" content=\"Solari Spa\" \/>\n<script type=\"application\/ld+json\" class=\"yoast-schema-graph\">{\"@context\":\"https:\\\/\\\/schema.org\",\"@graph\":[{\"@type\":\"CollectionPage\",\"@id\":null,\"url\":\"\",\"name\":\"\",\"isPartOf\":{\"@id\":\"https:\\\/\\\/www.solari.it\\\/#website\"},\"inLanguage\":\"en-US\"},{\"@type\":\"WebSite\",\"@id\":\"https:\\\/\\\/www.solari.it\\\/#website\",\"url\":\"https:\\\/\\\/www.solari.it\\\/\",\"name\":\"Solari Spa\",\"description\":\"\",\"publisher\":{\"@id\":\"https:\\\/\\\/www.solari.it\\\/#organization\"},\"potentialAction\":[{\"@type\":\"SearchAction\",\"target\":{\"@type\":\"EntryPoint\",\"urlTemplate\":\"https:\\\/\\\/www.solari.it\\\/?s={search_term_string}\"},\"query-input\":{\"@type\":\"PropertyValueSpecification\",\"valueRequired\":true,\"valueName\":\"search_term_string\"}}],\"inLanguage\":\"en-US\"},{\"@type\":\"Organization\",\"@id\":\"https:\\\/\\\/www.solari.it\\\/#organization\",\"name\":\"Solari Spa\",\"url\":\"https:\\\/\\\/www.solari.it\\\/\",\"logo\":{\"@type\":\"ImageObject\",\"inLanguage\":\"en-US\",\"@id\":\"https:\\\/\\\/www.solari.it\\\/#\\\/schema\\\/logo\\\/image\\\/\",\"url\":\"https:\\\/\\\/www.solari.it\\\/wp-content\\\/uploads\\\/2025\\\/01\\\/Logo_SolariUdine.svg\",\"contentUrl\":\"https:\\\/\\\/www.solari.it\\\/wp-content\\\/uploads\\\/2025\\\/01\\\/Logo_SolariUdine.svg\",\"width\":695,\"height\":136,\"caption\":\"Solari Spa\"},\"image\":{\"@id\":\"https:\\\/\\\/www.solari.it\\\/#\\\/schema\\\/logo\\\/image\\\/\"},\"sameAs\":[\"https:\\\/\\\/www.facebook.com\\\/SolariDiUdine\\\/\",\"https:\\\/\\\/www.linkedin.com\\\/company\\\/solari-di-udine\\\/\",\"https:\\\/\\\/www.instagram.com\\\/solari_udine\\\/\",\"https:\\\/\\\/it.pinterest.com\\\/solariudine\\\/\"]}]}<\/script>\n<!-- \/ Yoast SEO plugin. -->","yoast_head_json":{"title":"Solari Spa","robots":{"index":"index","follow":"follow","max-snippet":"max-snippet:-1","max-image-preview":"max-image-preview:large","max-video-preview":"max-video-preview:-1"},"og_locale":"en_US","og_type":"article","og_site_name":"Solari Spa","schema":{"@context":"https:\/\/schema.org","@graph":[{"@type":"CollectionPage","@id":null,"url":"","name":"","isPartOf":{"@id":"https:\/\/www.solari.it\/#website"},"inLanguage":"en-US"},{"@type":"WebSite","@id":"https:\/\/www.solari.it\/#website","url":"https:\/\/www.solari.it\/","name":"Solari Spa","description":"","publisher":{"@id":"https:\/\/www.solari.it\/#organization"},"potentialAction":[{"@type":"SearchAction","target":{"@type":"EntryPoint","urlTemplate":"https:\/\/www.solari.it\/?s={search_term_string}"},"query-input":{"@type":"PropertyValueSpecification","valueRequired":true,"valueName":"search_term_string"}}],"inLanguage":"en-US"},{"@type":"Organization","@id":"https:\/\/www.solari.it\/#organization","name":"Solari Spa","url":"https:\/\/www.solari.it\/","logo":{"@type":"ImageObject","inLanguage":"en-US","@id":"https:\/\/www.solari.it\/#\/schema\/logo\/image\/","url":"https:\/\/www.solari.it\/wp-content\/uploads\/2025\/01\/Logo_SolariUdine.svg","contentUrl":"https:\/\/www.solari.it\/wp-content\/uploads\/2025\/01\/Logo_SolariUdine.svg","width":695,"height":136,"caption":"Solari Spa"},"image":{"@id":"https:\/\/www.solari.it\/#\/schema\/logo\/image\/"},"sameAs":["https:\/\/www.facebook.com\/SolariDiUdine\/","https:\/\/www.linkedin.com\/company\/solari-di-udine\/","https:\/\/www.instagram.com\/solari_udine\/","https:\/\/it.pinterest.com\/solariudine\/"]}]}},"_links":{"self":[{"href":"https:\/\/www.solari.it\/en\/wp-json\/wp\/v2\/tipologia-prodotti\/6082"}],"collection":[{"href":"https:\/\/www.solari.it\/en\/wp-json\/wp\/v2\/tipologia-prodotti"}],"about":[{"href":"https:\/\/www.solari.it\/en\/wp-json\/wp\/v2\/types\/tipologia-prodotti"}],"version-history":[{"count":3,"href":"https:\/\/www.solari.it\/en\/wp-json\/wp\/v2\/tipologia-prodotti\/6082\/revisions"}],"predecessor-version":[{"id":6359,"href":"https:\/\/www.solari.it\/en\/wp-json\/wp\/v2\/tipologia-prodotti\/6082\/revisions\/6359"}],"wp:featuredmedia":[{"embeddable":true,"href":"https:\/\/www.solari.it\/en\/wp-json\/wp\/v2\/media\/5410"}],"wp:attachment":[{"href":"https:\/\/www.solari.it\/en\/wp-json\/wp\/v2\/media?parent=6082"}],"wp:term":[{"taxonomy":"tipologia-prodotti","embeddable":true,"href":"https:\/\/www.solari.it\/en\/wp-json\/wp\/v2\/tipologia-prodotti?post=6082"}],"curies":[{"name":"wp","href":"https:\/\/api.w.org\/{rel}","templated":true}]}}